{"id":419,"date":"2022-10-21T12:02:22","date_gmt":"2022-10-21T12:02:22","guid":{"rendered":"https:\/\/quenometoque.es\/?page_id=419"},"modified":"2024-12-04T11:52:10","modified_gmt":"2024-12-04T11:52:10","slug":"419-2","status":"publish","type":"page","link":"https:\/\/quenometoque.es\/","title":{"rendered":"Nuevo inicio"},"content":{"rendered":"<p>[et_pb_section fb_built=\u00bb1&#8243; _builder_version=\u00bb4.17.4&#8243; _module_preset=\u00bbdefault\u00bb background_color=\u00bb#f7eae7&#8243; custom_padding=\u00bb0px||4px|||\u00bb sticky_position=\u00bbtop\u00bb global_colors_info=\u00bb{}\u00bb][et_pb_row _builder_version=\u00bb4.17.4&#8243; _module_preset=\u00bbdefault\u00bb custom_padding=\u00bb15px||10px||false|false\u00bb global_colors_info=\u00bb{}\u00bb][et_pb_column type=\u00bb4_4&#8243; _builder_version=\u00bb4.17.4&#8243; _module_preset=\u00bbdefault\u00bb global_colors_info=\u00bb{}\u00bb][et_pb_text _builder_version=\u00bb4.17.4&#8243; _module_preset=\u00bbdefault\u00bb text_line_height=\u00bb1.2em\u00bb global_colors_info=\u00bb{}\u00bb]<\/p>\n<p style=\"text-align: center;\"><strong><span style=\"color: #c8705f;\">620 008 600\u00a0 <\/span><\/strong>Lunes a viernes de 09.00 a 14.00 horas &#8211; <strong><span style=\"color: #c8705f;\">11 61 11 <\/span><\/strong>Tel\u00e9fono del menor 24 horas<\/p>\n<p>[\/et_pb_text][\/et_pb_column][\/et_pb_row][\/et_pb_section][et_pb_section fb_built=\u00bb1&#8243; _builder_version=\u00bb4.17.4&#8243; _module_preset=\u00bbdefault\u00bb custom_padding=\u00bb0px|||||\u00bb animation_style=\u00bbfade\u00bb global_colors_info=\u00bb{}\u00bb][et_pb_row _builder_version=\u00bb4.17.4&#8243; _module_preset=\u00bbdefault\u00bb global_colors_info=\u00bb{}\u00bb][et_pb_column type=\u00bb4_4&#8243; _builder_version=\u00bb4.17.4&#8243; _module_preset=\u00bbdefault\u00bb global_colors_info=\u00bb{}\u00bb][et_pb_text _builder_version=\u00bb4.27.0&#8243; _module_preset=\u00bbdefault\u00bb header_font=\u00bb&#8211;et_global_heading_font||||||||\u00bb header_font_size=\u00bb82px\u00bb header_line_height=\u00bb1.2em\u00bb header_2_font_size=\u00bb35px\u00bb global_colors_info=\u00bb{}\u00bb]<\/p>\n<h1><span style=\"color: #000;\"><strong>Que<\/strong><\/span><strong><span style=\"color: #e1715e;\"><span style=\"color: #2aaa7d;\">\u00a0n<\/span><span style=\"color: #2aaa7d;\"><span style=\"color: #e1715e;\">o<\/span><\/span><\/span> <span style=\"color: #000000;\">me<span style=\"color: #;\"> toque<\/span><\/span><\/strong><\/h1>\n<h2>Campa\u00f1a de prevenci\u00f3n de la violencia sexual<\/h2>\n<h2>contra ni\u00f1as, ni\u00f1os y adolescentes<\/h2>\n<p>[\/et_pb_text][\/et_pb_column][\/et_pb_row][et_pb_row _builder_version=\u00bb4.17.4&#8243; _module_preset=\u00bbdefault\u00bb custom_padding=\u00bb4px|||||\u00bb global_colors_info=\u00bb{}\u00bb][et_pb_column type=\u00bb4_4&#8243; _builder_version=\u00bb4.17.4&#8243; _module_preset=\u00bbdefault\u00bb global_colors_info=\u00bb{}\u00bb][et_pb_text _builder_version=\u00bb4.27.3&#8243; _module_preset=\u00bbdefault\u00bb text_font_size=\u00bb17px\u00bb global_colors_info=\u00bb{}\u00bb]<\/p>\n<p style=\"text-align: justify;\">El Consejo de Europa, en su campa\u00f1a de prevenci\u00f3n y sensibilizaci\u00f3n sobre la violencia sexual contra menores de edad, estima que uno de cada cinco ni\u00f1as, ni\u00f1os y adolescentes son v\u00edctimas de este maltrato. Es un tipo de violencia que tradicionalmente ha permanecido oculta. Las personas menores de edad sobreviven en silencio, con verg\u00fcenza, miedo o culpa.<\/p>\n<p style=\"text-align: justify;\">Son v\u00edctimas que sufren ese silencio impuesto, en ocasiones por la familia, tras haber contado lo que les ha sucedido.<br \/>Son v\u00edctimas de un agresor que los amenaza.<br \/>Son v\u00edctimas de una sociedad que no les ha dado voz.<br \/>Son v\u00edctimas que callan a pesar de que la violencia sexual es un delito muy grave.<\/p>\n<p style=\"text-align: justify;\"><strong>\u00a1Que <span style=\"color: #2aaa7d;\">N<\/span><span style=\"color: #e1715e;\">O<\/span> me toque!<\/strong> es una campa\u00f1a de prevenci\u00f3n primaria dirigida a padres, madres y a toda la poblaci\u00f3n general. Su objetivo es minimizar el riesgo de que ni\u00f1os, ni\u00f1as y adolescentes sufran violencia sexual, o ayudarles a <strong>romper el silencio y destapar los secretos.<\/strong> Es lograr una detecci\u00f3n temprana y adecuada actuaci\u00f3n ante estos delitos.<\/p>\n<p style=\"text-align: justify;\">La campa\u00f1a est\u00e1 en consonancia con la Ley Orgn\u00e1nica 8\/2021 de Protecci\u00f3n integral a la infancia y la adolescencia frente a la violencia, pues pretende hacer una labor preventiva y educar a ni\u00f1as, ni\u00f1os y adelescentes para que tengan una vivencia sana de su sexualidad, responsable, informada y constructiva. Queremos ayudarles a identificar conductas y situaciones de riesgo que puedan desencadenar en alg\u00fan tipo de violencia sexual.<\/p>\n<p style=\"text-align: justify;\">Adem\u00e1s, la campa\u00f1a pretende sensibilizar a padres, madres y la poblaci\u00f3n general sobre la violencia sexual para que quieran ver, y adem\u00e1s que sepan qu\u00e9 deben ver respecto a la violencia sexual contra ni\u00f1os, ni\u00f1as y adolescentes. Tambien intenta darles pautas de actuaci\u00f3n adecuadas ante la detecci\u00f3n de una situaci\u00f3n de violencia sexual.<\/p>\n<p>[\/et_pb_text][\/et_pb_column][\/et_pb_row][et_pb_row column_structure=\u00bb1_5,3_5,1_5&#8243; _builder_version=\u00bb4.17.4&#8243; _module_preset=\u00bbdefault\u00bb global_colors_info=\u00bb{}\u00bb][et_pb_column type=\u00bb1_5&#8243; _builder_version=\u00bb4.17.4&#8243; _module_preset=\u00bbdefault\u00bb global_colors_info=\u00bb{}\u00bb][\/et_pb_column][et_pb_column type=\u00bb3_5&#8243; _builder_version=\u00bb4.17.4&#8243; _module_preset=\u00bbdefault\u00bb global_colors_info=\u00bb{}\u00bb][et_pb_text _builder_version=\u00bb4.17.4&#8243; _module_preset=\u00bbdefault\u00bb text_text_color=\u00bb#f7eae7&#8243; text_font_size=\u00bb30px\u00bb background_color=\u00bb#c8705f\u00bb custom_padding=\u00bb0px||27px|||\u00bb animation_style=\u00bbslide\u00bb border_radii=\u00bbon|15px|15px|15px|15px\u00bb global_colors_info=\u00bb{}\u00bb]<\/p>\n<p style=\"text-align: center;\"><strong><\/strong><\/p>\n<p style=\"text-align: center;\"><strong>\u00a1Te ayudamos! <\/strong><\/p>\n<p style=\"text-align: center;\"><strong>Llama al 620 008 600 o al 11 61 11<\/strong><\/p>\n<p>[\/et_pb_text][\/et_pb_column][et_pb_column type=\u00bb1_5&#8243; _builder_version=\u00bb4.17.4&#8243; _module_preset=\u00bbdefault\u00bb global_colors_info=\u00bb{}\u00bb][\/et_pb_column][\/et_pb_row][\/et_pb_section][et_pb_section fb_built=\u00bb1&#8243; _builder_version=\u00bb4.27.0&#8243; _module_preset=\u00bbdefault\u00bb background_color=\u00bbrgba(101,168,126,0.21)\u00bb custom_margin=\u00bb||||false|false\u00bb custom_padding=\u00bb5px||22px|||\u00bb animation_style=\u00bbflip\u00bb global_colors_info=\u00bb{}\u00bb][et_pb_row _builder_version=\u00bb4.27.0&#8243; _module_preset=\u00bbdefault\u00bb global_colors_info=\u00bb{}\u00bb][et_pb_column type=\u00bb4_4&#8243; _builder_version=\u00bb4.27.0&#8243; _module_preset=\u00bbdefault\u00bb global_colors_info=\u00bb{}\u00bb][et_pb_text _builder_version=\u00bb4.27.0&#8243; _module_preset=\u00bbdefault\u00bb header_text_color=\u00bb#65a87e\u00bb header_font_size=\u00bb45px\u00bb custom_margin=\u00bb2rem||0px||false|false\u00bb custom_padding=\u00bb0px||0px||false|false\u00bb global_colors_info=\u00bb{}\u00bb]<\/p>\n<h1 style=\"text-align: center;\"><strong>Valeria y Tadeo<\/strong><\/h1>\n<p>[\/et_pb_text][\/et_pb_column][\/et_pb_row][et_pb_row column_structure=\u00bb2_3,1_3&#8243; _builder_version=\u00bb4.27.0&#8243; _module_preset=\u00bbdefault\u00bb custom_margin=\u00bb0px|auto||auto|false|false\u00bb custom_padding=\u00bb0px||||false|false\u00bb global_colors_info=\u00bb{}\u00bb][et_pb_column type=\u00bb2_3&#8243; _builder_version=\u00bb4.17.4&#8243; _module_preset=\u00bbdefault\u00bb global_colors_info=\u00bb{}\u00bb][et_pb_text _builder_version=\u00bb4.27.0&#8243; _module_preset=\u00bbdefault\u00bb text_font_size=\u00bb17px\u00bb global_colors_info=\u00bb{}\u00bb]<\/p>\n<p><span style=\"color: #000000;\">\u00a1Hola!<\/span><\/p>\n<p><span style=\"color: #000000;\">Somos <strong>Valeria y Tadeo<\/strong>, la voz y la imagen de la campa\u00f1a <strong>\u00a1Que<\/strong> <strong>NO me toque!<\/strong><\/span><\/p>\n<p style=\"text-align: justify;\"><span style=\"color: #000000;\">Nuestra misi\u00f3n es representar a todas las ni\u00f1as y ni\u00f1os de Extremadura en una misi\u00f3n muy importante. Por eso tenemos estas ropas tan guays de detectives. Nos han encargado acompa\u00f1ar a todas estas ni\u00f1as y ni\u00f1os en la aventura de aprender a protegerse de la violencia sexual. Tambi\u00e9n en el proceso de romper su silencio y contar aquello que les haya pasado. Pero recuerda, sin la ayuda de las personas adultas no podremos hacerlo. No somos m\u00e1s que ni\u00f1as y ni\u00f1os, no podemos hacerlo en solitario. Las personas adultas tienen la responsabilidad y el deber de protegernos.<\/span><\/p>\n<p>[\/et_pb_text][\/et_pb_column][et_pb_column type=\u00bb1_3&#8243; _builder_version=\u00bb4.17.4&#8243; _module_preset=\u00bbdefault\u00bb global_colors_info=\u00bb{}\u00bb][et_pb_image src=\u00bbhttps:\/\/quenometoque.es\/wp-content\/uploads\/2022\/10\/Puppets-para-Web.jpg\u00bb title_text=\u00bbValeria y Tadeo\u00bb align=\u00bbright\u00bb _builder_version=\u00bb4.17.4&#8243; _module_preset=\u00bbdefault\u00bb width=\u00bb97%\u00bb custom_margin=\u00bb13px|||2px||\u00bb border_radii=\u00bbon|6px|6px|6px|6px\u00bb global_colors_info=\u00bb{}\u00bb][\/et_pb_image][\/et_pb_column][\/et_pb_row][et_pb_row _builder_version=\u00bb4.27.0&#8243; _module_preset=\u00bbdefault\u00bb global_colors_info=\u00bb{}\u00bb][et_pb_column type=\u00bb4_4&#8243; _builder_version=\u00bb4.27.0&#8243; _module_preset=\u00bbdefault\u00bb global_colors_info=\u00bb{}\u00bb][et_pb_video src=\u00bbhttps:\/\/quenometoque.es\/wp-content\/uploads\/2021\/11\/Las-ninas-y-ninos-tenemos-voz..mp4&#8243; image_src=\u00bbhttps:\/\/quenometoque.es\/wp-content\/uploads\/2021\/11\/cover.png\u00bb use_icon_font_size=\u00bbon\u00bb _builder_version=\u00bb4.27.0&#8243; _module_preset=\u00bbdefault\u00bb width=\u00bb100%\u00bb module_alignment=\u00bbcenter\u00bb custom_margin=\u00bb||||false|false\u00bb border_radii=\u00bbon|6px|6px|6px|6px\u00bb global_colors_info=\u00bb{}\u00bb][\/et_pb_video][\/et_pb_column][\/et_pb_row][\/et_pb_section][et_pb_section fb_built=\u00bb1&#8243; _builder_version=\u00bb4.27.0&#8243; _module_preset=\u00bbdefault\u00bb background_color=\u00bbrgba(200,112,95,0.2)\u00bb background_enable_image=\u00bboff\u00bb parallax=\u00bbon\u00bb global_colors_info=\u00bb{}\u00bb][et_pb_row column_structure=\u00bb3_5,2_5&#8243; use_custom_gutter=\u00bbon\u00bb gutter_width=\u00bb4&#8243; make_equal=\u00bbon\u00bb _builder_version=\u00bb4.27.0&#8243; _module_preset=\u00bbdefault\u00bb background_enable_color=\u00bboff\u00bb custom_margin=\u00bb||2rem||false|false\u00bb custom_padding=\u00bb0.8rem|0.8rem|0.8rem|0.8rem|true|true\u00bb animation_style=\u00bbslide\u00bb border_radii=\u00bbon|6px|6px|6px|6px\u00bb global_colors_info=\u00bb{}\u00bb][et_pb_column type=\u00bb3_5&#8243; _builder_version=\u00bb4.17.4&#8243; _module_preset=\u00bbdefault\u00bb global_colors_info=\u00bb{}\u00bb][et_pb_text _builder_version=\u00bb4.27.0&#8243; _module_preset=\u00bbdefault\u00bb text_text_color=\u00bb#000000&#8243; header_2_text_align=\u00bbleft\u00bb header_2_text_color=\u00bb#e1715e\u00bb custom_margin=\u00bb||0px||false|false\u00bb custom_padding=\u00bb||0px||false|false\u00bb global_colors_info=\u00bb{}\u00bb]<\/p>\n<h2 style=\"text-align: justify;\"><strong>Qu\u00e9 es la violencia sexual contra ni\u00f1as, ni\u00f1os y adolescentes<\/strong><\/h2>\n<p>[\/et_pb_text][et_pb_text _builder_version=\u00bb4.27.3&#8243; _module_preset=\u00bbdefault\u00bb text_text_color=\u00bb#000000&#8243; text_font_size=\u00bb17px\u00bb global_colors_info=\u00bb{}\u00bb]<\/p>\n<p style=\"text-align: justify;\">La <strong>violencia sexual<\/strong> es cualquier tipo de contacto o interacci\u00f3n de car\u00e1cter sexual cometida por personas adultas contra ni\u00f1as, ni\u00f1os o adolescentes, o bien la que se comete entre ni\u00f1as, ni\u00f1os y adolescentes.<\/p>\n<p style=\"text-align: justify;\">Es una situaci\u00f3n basada en una desigualdad de poder que el agresor logra y mantiene con la fuerza, la amenaza, la intimidaci\u00f3n, el enga\u00f1o, la coacci\u00f3n o en la que aprovecha la confianza de la v\u00edctima o su debilidad f\u00edsica, ps\u00edquica o emocional.<\/p>\n<p style=\"text-align: justify;\">Tiene estas caracter\u00edsticas:<\/p>\n<ul style=\"text-align: justify;\">\n<li>Su objetivo es la estimulaci\u00f3n sexual de la persona agresora o de otras.<\/li>\n<li>Es <strong>da\u00f1ina<\/strong> porque atenta contra la salud f\u00edsica y psicol\u00f3gica, la voluntad y el desarrollo sexual y emocional de quien la sufre.<\/li>\n<li>Es una situaci\u00f3n <strong>basada en una desigualdad de poder<\/strong> que el agresor logra y mantiene con la fuerza, la amenaza, la intimidaci\u00f3n, el enga\u00f1o, o la coacci\u00f3n. Aprovecha la confianza de la v\u00edctima o su debilidad f\u00edsica, ps\u00edquica o emocional.<\/li>\n<\/ul>\n<p style=\"text-align: justify;\">La violencia sexual no entiende de barrios ni localidades. Cualquier ni\u00f1o, ni\u00f1a o adolescente la puede sufrir.<\/p>\n<p>\u00e0 La mayor\u00eda de los casos se producen dentro de entornos que deber\u00edan de ser de protecci\u00f3n y desarrollo, como es el familiar, el escolar o de ocio. Son contextos en los que la agresora o el agresor tienen f\u00e1cil acceso a su v\u00edctima y les es sencillo decirle que guardar un secreto es un juego.<\/p>\n<p>[\/et_pb_text][\/et_pb_column][et_pb_column type=\u00bb2_5&#8243; _builder_version=\u00bb4.17.4&#8243; _module_preset=\u00bbdefault\u00bb global_colors_info=\u00bb{}\u00bb][et_pb_text _builder_version=\u00bb4.27.0&#8243; _module_preset=\u00bbdefault\u00bb header_2_text_color=\u00bb#e1715e\u00bb custom_margin=\u00bb||0px||false|false\u00bb custom_padding=\u00bb||0px||false|false\u00bb global_colors_info=\u00bb{}\u00bb]<\/p>\n<h2 style=\"text-align: justify;\"><strong>Violencia tambi\u00e9n es<\/strong><\/h2>\n<p>[\/et_pb_text][et_pb_text _builder_version=\u00bb4.27.3&#8243; _module_preset=\u00bbdefault\u00bb text_text_color=\u00bb#000000&#8243; text_font_size=\u00bb17px\u00bb global_colors_info=\u00bb{}\u00bb]<\/p>\n<ul>\n<li style=\"text-align: justify;\">\n<p>La <strong>explotaci\u00f3n<\/strong> de ni\u00f1os, ni\u00f1as y adolescentes para la prostituci\u00f3n.<\/p>\n<\/li>\n<li style=\"text-align: justify;\">\n<p>La <strong>utilizaci\u00f3n<\/strong> de ni\u00f1os, ni\u00f1as y adolescentes para producir, distribuir, difundir o transmitir, ofrecer o facilitar, adquirir o poseer material de abuso y explotaci\u00f3n sexual infantil.<\/p>\n<p>&nbsp;<\/p>\n<\/li>\n<li style=\"text-align: justify;\">La <strong>violencia sexual<\/strong> a trav\u00e9s de las redes sociales y otras plataformas. El mundo digital da una falsa sensaci\u00f3n de control y protecci\u00f3n, lo que hace m\u00e1s f\u00e1cil el acceso a la intimidad de las ni\u00f1as y ni\u00f1os. Las redes sociales y otras plataformas permiten a la persona agresora el contacto directo con las personas menores de edad. Hecho que puede acabar con diferentes formas de violencia sexual. \u00a0<\/li>\n<\/ul>\n<p>[\/et_pb_text][\/et_pb_column][\/et_pb_row][et_pb_row column_structure=\u00bb3_5,2_5&#8243; _builder_version=\u00bb4.27.0&#8243; _module_preset=\u00bbdefault\u00bb custom_margin=\u00bb0px||||false|false\u00bb custom_padding=\u00bb0px||||false|false\u00bb global_colors_info=\u00bb{}\u00bb][et_pb_column type=\u00bb3_5&#8243; _builder_version=\u00bb4.27.0&#8243; _module_preset=\u00bbdefault\u00bb global_colors_info=\u00bb{}\u00bb][et_pb_text _builder_version=\u00bb4.27.0&#8243; _module_preset=\u00bbdefault\u00bb header_text_color=\u00bb#FFFFFF\u00bb header_2_text_color=\u00bb#e1715e\u00bb custom_margin=\u00bb||0px||false|false\u00bb custom_padding=\u00bb||0px||false|false\u00bb global_colors_info=\u00bb{}\u00bb]<\/p>\n<h2 style=\"text-align: justify;\"><strong>\u00bfPor qu\u00e9 comparamos la violencia sexual con un iceberg?<\/strong><\/h2>\n<p>[\/et_pb_text][et_pb_text _builder_version=\u00bb4.27.3&#8243; _module_preset=\u00bbdefault\u00bb text_font_size=\u00bb17px\u00bb global_colors_info=\u00bb{}\u00bb]<\/p>\n<p>En muchos casos la violencia sexual contra la infancia y la adolescencia no sale a luz. Es lo que se conoce como cifra oculta y por ello es comparada con un iceberg. Son las v\u00edctimas que quedan sin detectar, en silencio. Es igual que lo que sucede en un iceberg: s\u00f3lo una peque\u00f1a parte queda visible, mientras que el resto queda oculto.<\/p>\n<p>Esta cifra oculta puede quedar invisible por diversos motivos:<\/p>\n<p>&#8211; El sentimiento de culpa que sufren las v\u00edctimas.<\/p>\n<p>&#8211; La verg\u00fcenza ante lo sucedido y el hecho de contarlo.<\/p>\n<p>&#8211; La reacci\u00f3n de la familia y de su entorno cuando la persona menor de edad cuenta lo que ha sufrido.<\/p>\n<p>&#8211; El no identificarse como una v\u00edctima.<\/p>\n<p>&#8211; El miedo a no ser cre\u00eddo, a las consecuencias o a represalias.<\/p>\n<p>&#8211; El temor a la persona agresora o el deseo de protegerla.<\/p>\n<p>[\/et_pb_text][\/et_pb_column][et_pb_column type=\u00bb2_5&#8243; _builder_version=\u00bb4.27.0&#8243; _module_preset=\u00bbdefault\u00bb global_colors_info=\u00bb{}\u00bb][et_pb_image src=\u00bbhttps:\/\/quenometoque.es\/wp-content\/uploads\/2024\/07\/iceberg-split-two-surface-scaled.jpg\u00bb _builder_version=\u00bb4.27.0&#8243; _module_preset=\u00bbdefault\u00bb max_height=\u00bb500px\u00bb custom_margin=\u00bb4rem|0px|0px|0px|false|true\u00bb custom_padding=\u00bb0px|0px|0px|0px|true|true\u00bb border_radii=\u00bbon|6px|6px|6px|6px\u00bb global_colors_info=\u00bb{}\u00bb][\/et_pb_image][\/et_pb_column][\/et_pb_row][\/et_pb_section][et_pb_section fb_built=\u00bb1&#8243; _builder_version=\u00bb4.17.4&#8243; _module_preset=\u00bbdefault\u00bb background_enable_color=\u00bboff\u00bb custom_padding=\u00bb1px||30px|||\u00bb global_colors_info=\u00bb{}\u00bb][et_pb_row _builder_version=\u00bb4.17.4&#8243; _module_preset=\u00bbdefault\u00bb global_colors_info=\u00bb{}\u00bb][et_pb_column type=\u00bb4_4&#8243; _builder_version=\u00bb4.17.4&#8243; _module_preset=\u00bbdefault\u00bb global_colors_info=\u00bb{}\u00bb][et_pb_text _builder_version=\u00bb4.27.0&#8243; _module_preset=\u00bbdefault\u00bb header_2_font_size=\u00bb23px\u00bb animation_style=\u00bbfade\u00bb global_colors_info=\u00bb{}\u00bb]<\/p>\n<h2>El c\u00f3digo penal establece las siguientes categor\u00edas de violencia sexual contra ni\u00f1as, ni\u00f1os y adolescentes:<\/h2>\n<p>[\/et_pb_text][\/et_pb_column][\/et_pb_row][et_pb_row column_structure=\u00bb1_4,1_4,1_4,1_4&#8243; _builder_version=\u00bb4.27.0&#8243; _module_preset=\u00bbdefault\u00bb custom_margin=\u00bb-7px|auto||auto||\u00bb global_colors_info=\u00bb{}\u00bb][et_pb_column type=\u00bb1_4&#8243; _builder_version=\u00bb4.17.4&#8243; _module_preset=\u00bbdefault\u00bb global_colors_info=\u00bb{}\u00bb][et_pb_blurb title=\u00bbAgresi\u00f3n sexual\u00bb _builder_version=\u00bb4.27.0&#8243; _module_preset=\u00bbdefault\u00bb header_font=\u00bb|700|||||||\u00bb header_text_align=\u00bbcenter\u00bb header_text_color=\u00bb#c8705f\u00bb background_color=\u00bbrgba(101,168,126,0.21)\u00bb min_height=\u00bb300px\u00bb custom_margin=\u00bb||||false|false\u00bb custom_padding=\u00bb||0px||false|false\u00bb animation_style=\u00bbfold\u00bb border_radii=\u00bbon|6px|6px|6px|6px\u00bb border_width_all=\u00bb8px\u00bb border_color_all=\u00bbrgba(101,168,126,0)\u00bb global_colors_info=\u00bb{}\u00bb]<\/p>\n<p style=\"text-align: justify;\">En su forma b\u00e1sica ocurre cuando se realiza cualquier acto que atente contra la libertad sexual de otra persona sin su consentimiento. En su forma agravada es cuando hay acceso carnal por v\u00eda vaginal, anal o bucal, o cuando se introducen miembros corporales u objetos por v\u00eda vaginal o anal (lo que se conoce como violaci\u00f3n). Adem\u00e1s, se agrava si existe violencia o intimidaci\u00f3n.<\/p>\n<p>[\/et_pb_blurb][\/et_pb_column][et_pb_column type=\u00bb1_4&#8243; _builder_version=\u00bb4.17.4&#8243; _module_preset=\u00bbdefault\u00bb global_colors_info=\u00bb{}\u00bb][et_pb_blurb title=\u00bbAgresi\u00f3n sexual a menor de 16 a\u00f1os\u00bb _builder_version=\u00bb4.27.3&#8243; _module_preset=\u00bbdefault\u00bb header_font=\u00bb|700|||||||\u00bb header_text_align=\u00bbcenter\u00bb header_text_color=\u00bb#65a87e\u00bb background_color=\u00bbrgba(200,112,95,0.2)\u00bb min_height=\u00bb400px\u00bb custom_padding=\u00bb||0px|||\u00bb animation_style=\u00bbfold\u00bb border_radii=\u00bbon|6px|6px|6px|6px\u00bb border_width_all=\u00bb8px\u00bb border_color_all=\u00bbRGBA(255,255,255,0)\u00bb border_width_bottom=\u00bb77px\u00bb global_colors_info=\u00bb{}\u00bb]<\/p>\n<p style=\"text-align: justify;\">Ocurre cuando se realizan actos de car\u00e1cter sexual con una persona menor de 16 a\u00f1os. Incluye los actos que alguien realiza con una ni\u00f1a, ni\u00f1o o adolescente y tambien los que las personas menores de edad realiz\u00e1n sobre s\u00ed mismas a petici\u00f3n de un tercero.<\/p>\n<p>[\/et_pb_blurb][\/et_pb_column][et_pb_column type=\u00bb1_4&#8243; _builder_version=\u00bb4.17.4&#8243; _module_preset=\u00bbdefault\u00bb global_colors_info=\u00bb{}\u00bb][et_pb_blurb title=\u00bbProstituci\u00f3n y explotaci\u00f3n sexual\u00bb _builder_version=\u00bb4.27.0&#8243; _module_preset=\u00bbdefault\u00bb header_font=\u00bb|700|||||||\u00bb header_text_align=\u00bbcenter\u00bb header_text_color=\u00bb#c8705f\u00bb background_color=\u00bbrgba(101,168,126,0.21)\u00bb min_height=\u00bb400px\u00bb custom_margin=\u00bb||||false|false\u00bb custom_padding=\u00bb||94px||false|false\u00bb animation_style=\u00bbfold\u00bb border_radii=\u00bbon|6px|6px|6px|6px\u00bb border_width_all=\u00bb8px\u00bb border_color_all=\u00bbrgba(101,168,126,0)\u00bb global_colors_info=\u00bb{}\u00bb]<\/p>\n<p style=\"text-align: justify;\">Ocurre cuando se induce, promueve, favorece o facilita la prostituci\u00f3n de una persona. Tambi\u00e9n cuando alguien solicita, acepta u obtiene una relaci\u00f3n sexual con una persona menor a cambio de una remuneraci\u00f3n o promesa.<\/p>\n<p>[\/et_pb_blurb][\/et_pb_column][et_pb_column type=\u00bb1_4&#8243; _builder_version=\u00bb4.17.4&#8243; _module_preset=\u00bbdefault\u00bb global_colors_info=\u00bb{}\u00bb][et_pb_blurb title=\u00bbGrooming o ciberacoso sexual de menores de edad\u00bb _builder_version=\u00bb4.27.3&#8243; _module_preset=\u00bbdefault\u00bb header_font=\u00bb|700|||||||\u00bb header_text_align=\u00bbcenter\u00bb header_text_color=\u00bb#65a87e\u00bb body_text_align=\u00bbjustify\u00bb background_color=\u00bbrgba(200,112,95,0.2)\u00bb min_height=\u00bb400px\u00bb custom_padding=\u00bb||||false|false\u00bb animation_style=\u00bbfold\u00bb border_radii=\u00bbon|6px|6px|6px|6px\u00bb border_width_all=\u00bb8px\u00bb border_color_all=\u00bbRGBA(255,255,255,0)\u00bb border_width_bottom=\u00bb100px\u00bb global_colors_info=\u00bb{}\u00bb title__hover_enabled=\u00bboff|desktop\u00bb]<\/p>\n<p>Ocurre cuando una persona adulta utiliza la red, haci\u00e9ndose pasar por menor, para ganarse la confianza del ni\u00f1o, ni\u00f1a o el adolescente con el objetivo de conseguir un encuentro f\u00edsico con \u00e9l o ella.\u00a0 El c\u00f3digo castiga tambi\u00e9n el intento de hacerlo.<\/p>\n<p>[\/et_pb_blurb][\/et_pb_column][\/et_pb_row][et_pb_row column_structure=\u00bb1_4,1_4,1_4,1_4&#8243; make_equal=\u00bbon\u00bb module_class=\u00bbet_blog_grid_equal_height\u00bb _builder_version=\u00bb4.27.0&#8243; _module_preset=\u00bbdefault\u00bb custom_margin=\u00bb-7px|auto||auto||\u00bb global_colors_info=\u00bb{}\u00bb][et_pb_column type=\u00bb1_4&#8243; _builder_version=\u00bb4.27.0&#8243; _module_preset=\u00bbdefault\u00bb global_colors_info=\u00bb{}\u00bb][et_pb_blurb title=\u00bbExhibicionismo\u00bb _builder_version=\u00bb4.27.3&#8243; _module_preset=\u00bbdefault\u00bb header_font=\u00bb|700|||||||\u00bb header_text_align=\u00bbcenter\u00bb header_text_color=\u00bb#65a87e\u00bb background_color=\u00bbrgba(200,112,95,0.2)\u00bb min_height=\u00bb345px\u00bb custom_padding=\u00bb||||false|false\u00bb animation_style=\u00bbfold\u00bb border_radii=\u00bbon|6px|6px|6px|6px\u00bb border_width_all=\u00bb8px\u00bb border_color_all=\u00bbRGBA(255,255,255,0)\u00bb border_width_bottom=\u00bb100px\u00bb global_colors_info=\u00bb{}\u00bb]<\/p>\n<p style=\"text-align: justify;\">Ocurre cuando alguien realiza actos obscenos o er\u00f3ticos delante de las personas menores de edad.<\/p>\n<p>[\/et_pb_blurb][\/et_pb_column][et_pb_column type=\u00bb1_4&#8243; _builder_version=\u00bb4.17.4&#8243; _module_preset=\u00bbdefault\u00bb global_colors_info=\u00bb{}\u00bb][et_pb_blurb title=\u00bbAcoso sexual \u00bb _builder_version=\u00bb4.27.0&#8243; _module_preset=\u00bbdefault\u00bb header_font=\u00bb|700|||||||\u00bb header_text_align=\u00bbcenter\u00bb header_text_color=\u00bb#c8705f\u00bb background_color=\u00bbrgba(101,168,126,0.21)\u00bb min_height=\u00bb345px\u00bb custom_margin=\u00bb||||false|false\u00bb custom_padding=\u00bb||94px||false|false\u00bb animation_style=\u00bbfold\u00bb border_radii=\u00bbon|6px|6px|6px|6px\u00bb border_width_all=\u00bb8px\u00bb border_color_all=\u00bbrgba(101,168,126,0)\u00bb global_colors_info=\u00bb{}\u00bb]<\/p>\n<p style=\"text-align: justify;\">Sucede cuando alguien solicita favores sexuales indeseados y no bienvenidos para s\u00ed mismo o para un tercero.<\/p>\n<p>[\/et_pb_blurb][\/et_pb_column][et_pb_column type=\u00bb1_4&#8243; _builder_version=\u00bb4.17.4&#8243; _module_preset=\u00bbdefault\u00bb global_colors_info=\u00bb{}\u00bb][et_pb_blurb title=\u00bbProvocaci\u00f3n sexual\u00bb _builder_version=\u00bb4.27.0&#8243; _module_preset=\u00bbdefault\u00bb header_font=\u00bb|700|||||||\u00bb header_text_align=\u00bbcenter\u00bb header_text_color=\u00bb#65a87e\u00bb background_color=\u00bbrgba(200,112,95,0.2)\u00bb min_height=\u00bb345px\u00bb animation_style=\u00bbfold\u00bb border_radii=\u00bbon|6px|6px|6px|6px\u00bb border_width_all=\u00bb8px\u00bb border_color_all=\u00bbRGBA(255,255,255,0)\u00bb border_width_bottom=\u00bb77px\u00bb global_colors_info=\u00bb{}\u00bb]<\/p>\n<p style=\"text-align: justify;\">Es cuando alguien incluye a personas menores en actos sexuales inadecuados para su edad o condici\u00f3n. Incluye la venta, difusi\u00f3n o exhibici\u00f3n de material pornogr\u00e1fico de manera directa.<\/p>\n<p>[\/et_pb_blurb][\/et_pb_column][et_pb_column type=\u00bb1_4&#8243; module_class=\u00bbcaja\u00bb _builder_version=\u00bb4.27.0&#8243; _module_preset=\u00bbdefault\u00bb global_colors_info=\u00bb{}\u00bb][et_pb_blurb title=\u00bbCorrupci\u00f3n y pornograf\u00eda infantil\u00bb _builder_version=\u00bb4.27.3&#8243; _module_preset=\u00bbdefault\u00bb header_font=\u00bb|700|||||||\u00bb header_text_align=\u00bbcenter\u00bb header_text_color=\u00bb#c8705f\u00bb background_color=\u00bbrgba(101,168,126,0.21)\u00bb custom_margin=\u00bb||||false|false\u00bb custom_padding=\u00bb||0px||false|false\u00bb animation_style=\u00bbfold\u00bb border_radii=\u00bbon|6px|6px|6px|6px\u00bb border_width_all=\u00bb8px\u00bb border_color_all=\u00bbrgba(101,168,126,0)\u00bb border_width_bottom=\u00bb100px\u00bb global_colors_info=\u00bb{}\u00bb]<\/p>\n<p style=\"text-align: justify;\">Consiste en la captaci\u00f3n o utilizaci\u00f3n de personas menores de edad para espect\u00e1culos o fines exhibicionistas o pornogr\u00e1ficos, as\u00ed como para elaborar cualquier clase de material pornogr\u00e1fico.<\/p>\n<p>[\/et_pb_blurb][\/et_pb_column][\/et_pb_row][et_pb_row _builder_version=\u00bb4.27.0&#8243; _module_preset=\u00bbdefault\u00bb global_colors_info=\u00bb{}\u00bb][et_pb_column type=\u00bb4_4&#8243; _builder_version=\u00bb4.27.0&#8243; _module_preset=\u00bbdefault\u00bb global_colors_info=\u00bb{}\u00bb][et_pb_text _builder_version=\u00bb4.27.0&#8243; _module_preset=\u00bbdefault\u00bb header_2_font_size=\u00bb23px\u00bb custom_margin=\u00bb||9px||false|false\u00bb custom_padding=\u00bb||0px||false|false\u00bb animation_style=\u00bbfade\u00bb global_colors_info=\u00bb{}\u00bb]<\/p>\n<h2>Violencia sexual <span>en la red<\/span><\/h2>\n<p>[\/et_pb_text][et_pb_text _builder_version=\u00bb4.27.3&#8243; _module_preset=\u00bbdefault\u00bb global_colors_info=\u00bb{}\u00bb]<\/p>\n<p>Muchas situaciones de riesgo suceden o tienen su origen en el \u00e1mbito de internet y pueden derivar en violencia sexual. Algunas de ellas son las siguientes:<\/p>\n<ul>\n<li style=\"text-align: justify;\"><span style=\"color: #000000;\"><em><strong>Sharenting<\/strong><\/em>: Ocurre cuando las madres y los padres publican o comparten en redes sociales im\u00e1genes de sus hijas e hijos para que todos las vean, sin pensar en el uso que otras personas pueden hacer y de la informaci\u00f3n que pueden obtener de estas im\u00e1genes o de sus publicaciones. Por ejemplo, el colegio al que asisten, el barrio en el que viven\u2026<\/span><\/li>\n<li style=\"text-align: justify;\"><span style=\"color: #000000;\"><em><strong>Sexting<\/strong><\/em>: Originalmente hace alusi\u00f3n al intercambio de mensajes o de material con contenido sexual online. En s\u00ed mismo no es una forma de violencia sexual. Sin embargo, en muchos casos supone una conducta de riesgo, pues en el momento en el que el contenido es enviado, escapa totalmente del control del usuario. Se convierte en un delito cuando alguien comparte este material sin el consentimiento de la v\u00edctima.<\/span><\/li>\n<li style=\"text-align: justify;\"><span style=\"color: #000000;\"><strong>Porno vengativo<\/strong>: Otra situaci\u00f3n de riesgo es cuando en una relaci\u00f3n de pareja, alguien graba o fotograf\u00eda de forma voluntaria o involuntaria situaciones \u00edntimas. Tras la ruptura, uno de estas personas publica este material \u00edntimo de la otra por venganza.<\/span><\/li>\n<\/ul>\n<p style=\"text-align: justify;\"><span style=\"color: #000000;\">Estas dos \u00faltimas pr\u00e1cticas vulneran el derecho a la intimidad personal. La ley castiga el descubrimiento y la revelaci\u00f3n de secretos de la v\u00edctima.<\/span><\/p>\n<p>[\/et_pb_text][\/et_pb_column][\/et_pb_row][et_pb_row _builder_version=\u00bb4.27.0&#8243; _module_preset=\u00bbdefault\u00bb global_colors_info=\u00bb{}\u00bb][et_pb_column type=\u00bb4_4&#8243; _builder_version=\u00bb4.27.0&#8243; _module_preset=\u00bbdefault\u00bb global_colors_info=\u00bb{}\u00bb][et_pb_video src=\u00bbhttps:\/\/quenometoque.es\/wp-content\/uploads\/2021\/11\/QUE-NO-ME-TOQUE-CREDITOS.mp4&#8243; image_src=\u00bbhttps:\/\/quenometoque.es\/wp-content\/uploads\/2021\/11\/cover2.png\u00bb use_icon_font_size=\u00bbon\u00bb _builder_version=\u00bb4.27.0&#8243; _module_preset=\u00bbdefault\u00bb animation_style=\u00bbfade\u00bb border_radii=\u00bbon|6px|6px|6px|6px\u00bb global_colors_info=\u00bb{}\u00bb][\/et_pb_video][\/et_pb_column][\/et_pb_row][et_pb_row _builder_version=\u00bb4.17.4&#8243; _module_preset=\u00bbdefault\u00bb global_colors_info=\u00bb{}\u00bb][et_pb_column type=\u00bb4_4&#8243; _builder_version=\u00bb4.17.4&#8243; _module_preset=\u00bbdefault\u00bb global_colors_info=\u00bb{}\u00bb][et_pb_text _builder_version=\u00bb4.17.4&#8243; _module_preset=\u00bbdefault\u00bb animation_style=\u00bbfade\u00bb global_colors_info=\u00bb{}\u00bb]<\/p>\n<h2>C\u00f3mo prevenir la violencia sexual<\/h2>\n<p>[\/et_pb_text][\/et_pb_column][\/et_pb_row][et_pb_row column_structure=\u00bb1_3,2_3&#8243; _builder_version=\u00bb4.17.4&#8243; _module_preset=\u00bbdefault\u00bb background_color=\u00bbrgba(200,112,95,0.2)\u00bb custom_padding=\u00bb6px||3px|||\u00bb animation_style=\u00bbbounce\u00bb border_radii=\u00bbon|6px|6px|6px|6px\u00bb border_width_all=\u00bb20px\u00bb border_color_all=\u00bbRGBA(255,255,255,0)\u00bb global_colors_info=\u00bb{}\u00bb transform_styles__hover_enabled=\u00bboff|hover\u00bb transform_scale__hover_enabled=\u00bboff|hover\u00bb transform_translate__hover_enabled=\u00bboff|hover\u00bb transform_rotate__hover_enabled=\u00bboff|hover\u00bb transform_skew__hover_enabled=\u00bboff|hover\u00bb transform_origin__hover_enabled=\u00bboff|hover\u00bb transform_scale__hover=\u00bb105%|105%\u00bb][et_pb_column type=\u00bb1_3&#8243; _builder_version=\u00bb4.17.4&#8243; _module_preset=\u00bbdefault\u00bb global_colors_info=\u00bb{}\u00bb][et_pb_image src=\u00bbhttps:\/\/quenometoque.es\/wp-content\/uploads\/2022\/10\/mother-with-son-scaled.jpg\u00bb title_text=\u00bbProtecci\u00f3n en la red\u00bb _builder_version=\u00bb4.17.4&#8243; _module_preset=\u00bbdefault\u00bb custom_padding=\u00bb|||0px|false|false\u00bb border_radii=\u00bbon|6px|6px|6px|6px\u00bb global_colors_info=\u00bb{}\u00bb][\/et_pb_image][\/et_pb_column][et_pb_column type=\u00bb2_3&#8243; _builder_version=\u00bb4.17.4&#8243; _module_preset=\u00bbdefault\u00bb global_colors_info=\u00bb{}\u00bb][et_pb_text _builder_version=\u00bb4.27.0&#8243; _module_preset=\u00bbdefault\u00bb header_3_text_color=\u00bb#c8705f\u00bb custom_margin=\u00bb||15px|||\u00bb global_colors_info=\u00bb{}\u00bb]<\/p>\n<h3><strong>Educaci\u00f3n afectivo-sexual<\/strong><\/h3>\n<p>[\/et_pb_text][et_pb_text _builder_version=\u00bb4.27.3&#8243; _module_preset=\u00bbdefault\u00bb global_colors_info=\u00bb{}\u00bb]<\/p>\n<p style=\"text-align: justify;\">Hablar de educaci\u00f3n afectivo-sexual de una persona es hablar del respeto y conocimiento de ella misma, pero tambi\u00e9n del de los dem\u00e1s. Es ense\u00f1ar a las ni\u00f1as, ni\u00f1os y adolescentes a relacionarse con ella y ellos mismos y con el resto de las personas a trav\u00e9s de herramientas que les permitan entenderse a s\u00ed mismas, entender el respeto mutuo, la igualdad de g\u00e9nero, el consentimiento y la sexualidad. La sexualidad comienza en el nacimiento de cada persona y le acompa\u00f1ar\u00e1 el resto de su vida. La educaci\u00f3n afectiva y sexual les permitir\u00e1 convertirse en personas aut\u00f3nomas, capaces de conectar sus cuerpos con sus emociones y les facilitar\u00e1 la gesti\u00f3n de sus experiencias desde una perspectiva sana, consciente y responsable.<\/p>\n<p style=\"text-align: justify;\">Aprender a querer y a ser querida o querido\u00a0 de forma sana y libre es fundamental para el desarrollo adecuado de la afectividad y la sexualidad de las personas menores de edad. Es la base para establecer relaciones sanas y seguras durante su desarrollo.<\/p>\n<p>[\/et_pb_text][\/et_pb_column][\/et_pb_row][\/et_pb_section][et_pb_section fb_built=\u00bb1&#8243; _builder_version=\u00bb4.17.4&#8243; _module_preset=\u00bbdefault\u00bb custom_padding=\u00bb30px||30px|||\u00bb global_colors_info=\u00bb{}\u00bb][et_pb_row column_structure=\u00bb2_3,1_3&#8243; _builder_version=\u00bb4.17.4&#8243; _module_preset=\u00bbdefault\u00bb background_color=\u00bbrgba(101,168,126,0.21)\u00bb custom_padding=\u00bb3px||5px|||\u00bb animation_style=\u00bbbounce\u00bb border_radii=\u00bbon|6px|6px|6px|6px\u00bb border_width_all=\u00bb20px\u00bb border_color_all=\u00bbRGBA(255,255,255,0)\u00bb global_colors_info=\u00bb{}\u00bb][et_pb_column type=\u00bb2_3&#8243; _builder_version=\u00bb4.17.4&#8243; _module_preset=\u00bbdefault\u00bb global_colors_info=\u00bb{}\u00bb][et_pb_text _builder_version=\u00bb4.17.4&#8243; _module_preset=\u00bbdefault\u00bb header_3_text_color=\u00bb#65a87e\u00bb custom_margin=\u00bb||11px|||\u00bb global_colors_info=\u00bb{}\u00bb]<\/p>\n<h3><strong>Comunicaci\u00f3n y confianza<\/strong><\/h3>\n<p>[\/et_pb_text][et_pb_text _builder_version=\u00bb4.27.3&#8243; _module_preset=\u00bbdefault\u00bb global_colors_info=\u00bb{}\u00bb]<\/p>\n<p style=\"text-align: justify;\">La comunicaci\u00f3n y la confianza son herramientas claves pare que las ni\u00f1as, ni\u00f1os y adolescentes resuelvan sus dudas en el hogar y no a trav\u00e9s de internet. La falta de criterio en las redes les lleva a aprender una sexualidad sin respeto al propio cuerpo, basada en la violencia, la desigualdad de poder del hombre sobre a la mujer y la falta de consentimiento. Internet ampl\u00eda la presi\u00f3n social que invita a las personas menores de edad a desvincular la sexualidad de la afectividad y le lleva a mantener conductas de riesgo y a legitimar la violencia sexual.<\/p>\n<p style=\"text-align: justify;\"><strong>Escuchar<\/strong> de forma activa y <strong>hablar<\/strong> en un tono de confianza es fundamental para que las personas menores sientan seguridad a la hora de buscar ayuda e informaci\u00f3n dentro del hogar. Tan importante es escuchar lo que dicen como creer lo que cuentan. <strong>Legitimar<\/strong> sus experiencias y emociones le permitir\u00e1 establecer un v\u00ednculo seguro.<\/p>\n<p>[\/et_pb_text][\/et_pb_column][et_pb_column type=\u00bb1_3&#8243; _builder_version=\u00bb4.17.4&#8243; _module_preset=\u00bbdefault\u00bb global_colors_info=\u00bb{}\u00bb][et_pb_image src=\u00bbhttps:\/\/quenometoque.es\/wp-content\/uploads\/2022\/10\/faceless-girls-with-bicycle-and-roller-skates-scaled.jpg\u00bb title_text=\u00bbNi\u00f1as jugando\u00bb _builder_version=\u00bb4.17.4&#8243; _module_preset=\u00bbdefault\u00bb border_radii=\u00bbon|6px|6px|6px|6px\u00bb global_colors_info=\u00bb{}\u00bb][\/et_pb_image][\/et_pb_column][\/et_pb_row][\/et_pb_section][et_pb_section fb_built=\u00bb1&#8243; _builder_version=\u00bb4.17.4&#8243; _module_preset=\u00bbdefault\u00bb custom_padding=\u00bb30px|||||\u00bb global_colors_info=\u00bb{}\u00bb][et_pb_row column_structure=\u00bb1_3,2_3&#8243; _builder_version=\u00bb4.17.4&#8243; _module_preset=\u00bbdefault\u00bb background_color=\u00bbrgba(200,112,95,0.2)\u00bb custom_padding=\u00bb4px||5px|||\u00bb animation_style=\u00bbbounce\u00bb border_radii=\u00bbon|6px|6px|6px|6px\u00bb border_width_all=\u00bb20px\u00bb border_color_all=\u00bbRGBA(255,255,255,0)\u00bb global_colors_info=\u00bb{}\u00bb][et_pb_column type=\u00bb1_3&#8243; _builder_version=\u00bb4.17.4&#8243; _module_preset=\u00bbdefault\u00bb global_colors_info=\u00bb{}\u00bb][et_pb_image src=\u00bbhttps:\/\/quenometoque.es\/wp-content\/uploads\/2022\/10\/parents-giving-daughter-kisses-on-the-cheeks-scaled.jpg\u00bb title_text=\u00bbMadre y padre besando a su hija\u00bb _builder_version=\u00bb4.17.4&#8243; _module_preset=\u00bbdefault\u00bb border_radii=\u00bbon|6px|6px|6px|6px\u00bb global_colors_info=\u00bb{}\u00bb][\/et_pb_image][\/et_pb_column][et_pb_column type=\u00bb2_3&#8243; _builder_version=\u00bb4.17.4&#8243; _module_preset=\u00bbdefault\u00bb global_colors_info=\u00bb{}\u00bb][et_pb_text _builder_version=\u00bb4.27.0&#8243; _module_preset=\u00bbdefault\u00bb header_3_text_color=\u00bb#c8705f\u00bb custom_margin=\u00bb||12px|||\u00bb border_radii=\u00bbon|6px|6px|6px|6px\u00bb global_colors_info=\u00bb{}\u00bb]<\/p>\n<h3><strong>Ver y proteger<\/strong><\/h3>\n<p>[\/et_pb_text][et_pb_text _builder_version=\u00bb4.27.3&#8243; _module_preset=\u00bbdefault\u00bb global_colors_info=\u00bb{}\u00bb]<\/p>\n<p style=\"text-align: justify;\">No podemos protegernos de aquello que no vemos. Por ello, es fundamental que las personas menores de edad sepan que la <strong>violencia sexual<\/strong> existe y que les podemos dotar de herramientas que les permitan identificarla de forma temprana. Para ello, deben saber que su cuerpo les pertenece y que se compone de <strong>partes p\u00fablicas<\/strong> y <strong>partes \u00edntimas<\/strong>. Tambi\u00e9n que tienen derecho a <strong>decir <span style=\"color: #2aaa7d; font-size: 1.3rem;\">N<\/span><span style=\"color: #e1715e; font-size: 1.3rem;\">O<\/span><\/strong> cuando una situaci\u00f3n no les guste, o les haga sentir incomodidad. Que no todos los secretos son buenos y que pedir ayuda es la mejor manera de protegerse.<\/p>\n<p>[\/et_pb_text][\/et_pb_column][\/et_pb_row][\/et_pb_section][et_pb_section fb_built=\u00bb1&#8243; _builder_version=\u00bb4.17.4&#8243; _module_preset=\u00bbdefault\u00bb background_color=\u00bb#65a87e\u00bb custom_padding=\u00bb||1px|||\u00bb animation_style=\u00bbfade\u00bb global_colors_info=\u00bb{}\u00bb][et_pb_row _builder_version=\u00bb4.17.4&#8243; _module_preset=\u00bbdefault\u00bb custom_margin=\u00bb-55px|auto||auto||\u00bb custom_padding=\u00bb48px||48px|||\u00bb global_colors_info=\u00bb{}\u00bb][et_pb_column type=\u00bb4_4&#8243; _builder_version=\u00bb4.17.4&#8243; _module_preset=\u00bbdefault\u00bb global_colors_info=\u00bb{}\u00bb][et_pb_text _builder_version=\u00bb4.17.4&#8243; _module_preset=\u00bbdefault\u00bb header_text_color=\u00bb#ffffff\u00bb custom_margin=\u00bb||13px|||\u00bb link_option_url=\u00bbhttp:\/\/fmyv.es\/wp-content\/uploads\/2020\/11\/guia-prevencion.pdf\u00bb link_option_url_new_window=\u00bbon\u00bb global_colors_info=\u00bb{}\u00bb]<\/p>\n<h1 style=\"text-align: center;\"><b>Gu\u00eda<\/b><strong>\u00a0de prevenci\u00f3n<\/strong><\/h1>\n<p>[\/et_pb_text][et_pb_button button_url=\u00bbhttp:\/\/fmyv.es\/wp-content\/uploads\/2020\/11\/guia-prevencion.pdf\u00bb url_new_window=\u00bbon\u00bb button_text=\u00bbLeer\u00bb button_alignment=\u00bbcenter\u00bb _builder_version=\u00bb4.17.4&#8243; _module_preset=\u00bbdefault\u00bb custom_button=\u00bbon\u00bb button_text_color=\u00bb#FFFFFF\u00bb button_bg_color=\u00bb#c8705f\u00bb global_colors_info=\u00bb{}\u00bb][\/et_pb_button][\/et_pb_column][\/et_pb_row][\/et_pb_section][et_pb_section fb_built=\u00bb1&#8243; _builder_version=\u00bb4.17.4&#8243; _module_preset=\u00bbdefault\u00bb custom_padding=\u00bb40px|||||\u00bb global_colors_info=\u00bb{}\u00bb][et_pb_row column_structure=\u00bb1_4,3_4&#8243; _builder_version=\u00bb4.17.4&#8243; _module_preset=\u00bbdefault\u00bb global_colors_info=\u00bb{}\u00bb][et_pb_column type=\u00bb1_4&#8243; _builder_version=\u00bb4.17.4&#8243; _module_preset=\u00bbdefault\u00bb global_colors_info=\u00bb{}\u00bb][et_pb_image src=\u00bbhttps:\/\/quenometoque.es\/wp-content\/uploads\/2024\/05\/LOGO-CONSEJERIA-SALUD-Y-SERVICIOS-SOCIALES-2023.png\u00bb title_text=\u00bbLOGO CONSEJER\u00cdA SALUD Y SERVICIOS SOCIALES 2023&#8243; _builder_version=\u00bb4.23.1&#8243; _module_preset=\u00bbdefault\u00bb animation_style=\u00bbslide\u00bb global_colors_info=\u00bb{}\u00bb][\/et_pb_image][\/et_pb_column][et_pb_column type=\u00bb3_4&#8243; _builder_version=\u00bb4.17.4&#8243; _module_preset=\u00bbdefault\u00bb global_colors_info=\u00bb{}\u00bb][et_pb_text _builder_version=\u00bb4.27.0&#8243; _module_preset=\u00bbdefault\u00bb animation_style=\u00bbfade\u00bb global_colors_info=\u00bb{}\u00bb]<\/p>\n<p style=\"text-align: justify;\">La Junta de Extremadura, en colaboraci\u00f3n con la Fundaci\u00f3n M\u00e1rgenes y V\u00ednculos, puso en marcha en 2022 una iniciativa de prevenci\u00f3n de la violencia sexual con el objetivo de contribuir a que los ni\u00f1os, ni\u00f1as y adolescentes de esta comunidad aut\u00f3noma no lleguen a ser v\u00edctimas de violencia sexual, o, en su caso, a que las familias y los dispositivos sociales sepan y puedan detectar lo antes posible los casos que se puedan dar.<\/p>\n<p>[\/et_pb_text][\/et_pb_column][\/et_pb_row][\/et_pb_section][et_pb_section fb_built=\u00bb1&#8243; _builder_version=\u00bb4.17.4&#8243; _module_preset=\u00bbdefault\u00bb background_color=\u00bb#c8705f\u00bb custom_padding=\u00bb8px||30px|||\u00bb animation_style=\u00bbfade\u00bb global_colors_info=\u00bb{}\u00bb][et_pb_row _builder_version=\u00bb4.17.4&#8243; _module_preset=\u00bbdefault\u00bb custom_margin=\u00bb|auto|-23px|auto||\u00bb global_colors_info=\u00bb{}\u00bb][et_pb_column type=\u00bb4_4&#8243; _builder_version=\u00bb4.17.4&#8243; _module_preset=\u00bbdefault\u00bb global_colors_info=\u00bb{}\u00bb][et_pb_text _builder_version=\u00bb4.19.5&#8243; _module_preset=\u00bbdefault\u00bb header_text_color=\u00bb#FFFFFF\u00bb header_2_font=\u00bb|700|||||||\u00bb header_3_font=\u00bb|700|||||||\u00bb header_3_text_color=\u00bb#FFFFFF\u00bb global_colors_info=\u00bb{}\u00bb]<\/p>\n<h1 style=\"text-align: center;\"><strong>Programa de prevenci\u00f3n primaria contra la violencia sexual<\/strong><\/h1>\n<p>[\/et_pb_text][et_pb_button button_url=\u00bb@ET-DC@eyJkeW5hbWljIjp0cnVlLCJjb250ZW50IjoicG9zdF9saW5rX3VybF9wYWdlIiwic2V0dGluZ3MiOnsicG9zdF9pZCI6IjUwNCJ9fQ==@\u00bb button_text=\u00bbVisitar\u00bb button_alignment=\u00bbcenter\u00bb _builder_version=\u00bb4.17.4&#8243; _dynamic_attributes=\u00bbbutton_url\u00bb _module_preset=\u00bbdefault\u00bb custom_button=\u00bbon\u00bb button_text_color=\u00bb#ffffff\u00bb button_bg_color=\u00bb#65a87e\u00bb global_colors_info=\u00bb{}\u00bb][\/et_pb_button][\/et_pb_column][\/et_pb_row][\/et_pb_section][et_pb_section fb_built=\u00bb1&#8243; disabled_on=\u00bbon|on|on\u00bb _builder_version=\u00bb4.23.1&#8243; _module_preset=\u00bbdefault\u00bb custom_padding=\u00bb30px||30px|||\u00bb disabled=\u00bbon\u00bb global_colors_info=\u00bb{}\u00bb][et_pb_row _builder_version=\u00bb4.17.4&#8243; _module_preset=\u00bbdefault\u00bb global_colors_info=\u00bb{}\u00bb][et_pb_column type=\u00bb4_4&#8243; _builder_version=\u00bb4.17.4&#8243; _module_preset=\u00bbdefault\u00bb global_colors_info=\u00bb{}\u00bb][et_pb_text _builder_version=\u00bb4.17.4&#8243; _module_preset=\u00bbdefault\u00bb text_font_size=\u00bb32px\u00bb global_colors_info=\u00bb{}\u00bb]<\/p>\n<p><strong>Qu\u00e9 podemos hacer para ayudar a las v\u00edctimas<\/strong><\/p>\n<p>[\/et_pb_text][et_pb_text _builder_version=\u00bb4.17.4&#8243; _module_preset=\u00bbdefault\u00bb text_font_size=\u00bb22px\u00bb global_colors_info=\u00bb{}\u00bb]<\/p>\n<p>Carmen N\u00fa\u00f1ez, directora general de Servicios Sociales, Infancia y Familia de la Junta de Extremadura, nos aconseja.<\/p>\n<p>[\/et_pb_text][et_pb_video_slider _builder_version=\u00bb4.17.4&#8243; _module_preset=\u00bbdefault\u00bb global_colors_info=\u00bb{}\u00bb][et_pb_video_slider_item src=\u00bbhttps:\/\/www.youtube.com\/watch?v=RIPPScSgEuA\u00bb _builder_version=\u00bb4.17.4&#8243; _module_preset=\u00bbdefault\u00bb global_colors_info=\u00bb{}\u00bb show_image_overlay=\u00bboff\u00bb][\/et_pb_video_slider_item][et_pb_video_slider_item src=\u00bbhttps:\/\/www.youtube.com\/watch?v=AwVG8N4eoKM\u00bb _builder_version=\u00bb4.17.4&#8243; _module_preset=\u00bbdefault\u00bb global_colors_info=\u00bb{}\u00bb show_image_overlay=\u00bboff\u00bb][\/et_pb_video_slider_item][et_pb_video_slider_item src=\u00bbhttps:\/\/www.youtube.com\/watch?v=BpMqx_Co-e4&#038;feature=emb_title\u00bb _builder_version=\u00bb4.17.4&#8243; _module_preset=\u00bbdefault\u00bb global_colors_info=\u00bb{}\u00bb show_image_overlay=\u00bboff\u00bb][\/et_pb_video_slider_item][et_pb_video_slider_item src=\u00bbhttps:\/\/www.youtube.com\/watch?v=V4rgdtf0sGc\u00bb _builder_version=\u00bb4.17.4&#8243; _module_preset=\u00bbdefault\u00bb global_colors_info=\u00bb{}\u00bb show_image_overlay=\u00bboff\u00bb][\/et_pb_video_slider_item][et_pb_video_slider_item src=\u00bbhttps:\/\/www.youtube.com\/watch?v=aQudMPI_sbQ\u00bb _builder_version=\u00bb4.17.4&#8243; _module_preset=\u00bbdefault\u00bb global_colors_info=\u00bb{}\u00bb show_image_overlay=\u00bboff\u00bb][\/et_pb_video_slider_item][\/et_pb_video_slider][\/et_pb_column][\/et_pb_row][\/et_pb_section][et_pb_section fb_built=\u00bb1&#8243; _builder_version=\u00bb4.17.4&#8243; _module_preset=\u00bbdefault\u00bb custom_padding=\u00bb30px|||||\u00bb global_colors_info=\u00bb{}\u00bb][et_pb_row _builder_version=\u00bb4.17.4&#8243; _module_preset=\u00bbdefault\u00bb global_colors_info=\u00bb{}\u00bb][et_pb_column type=\u00bb4_4&#8243; _builder_version=\u00bb4.17.4&#8243; _module_preset=\u00bbdefault\u00bb global_colors_info=\u00bb{}\u00bb][et_pb_text _builder_version=\u00bb4.17.4&#8243; _module_preset=\u00bbdefault\u00bb animation_style=\u00bbfade\u00bb global_colors_info=\u00bb{}\u00bb]<\/p>\n<h2>Enlaces de inter\u00e9s\u00a0<\/h2>\n<p>[\/et_pb_text][et_pb_accordion _builder_version=\u00bb4.27.0&#8243; _module_preset=\u00bbdefault\u00bb animation_style=\u00bbslide\u00bb global_colors_info=\u00bb{}\u00bb][et_pb_accordion_item title=\u00bbActuemos con responsabilidad\u00bb open=\u00bbon\u00bb _builder_version=\u00bb4.27.0&#8243; _module_preset=\u00bbdefault\u00bb global_colors_info=\u00bb{}\u00bb]<\/p>\n<ul>\n<li><a href=\"http:\/\/www.guardiacivil.es\/es\/colaboracion\/form_contacto\/index.html\" target=\"_blank\" rel=\"noopener\">Guardia Civil<\/a><\/li>\n<li><a href=\"https:\/\/www.policia.es\" target=\"_blank\" rel=\"noopener\">Polic\u00eda Nacional<\/a><a href=\"https:\/\/www.policia.es\/formulario_generico.php?ordenes=22\"><\/a><\/li>\n<\/ul>\n<p>[\/et_pb_accordion_item][et_pb_accordion_item title=\u00bbContactos de ayuda\u00bb _builder_version=\u00bb4.27.0&#8243; _module_preset=\u00bbdefault\u00bb global_colors_info=\u00bb{}\u00bb open=\u00bboff\u00bb]<\/p>\n<ul>\n<li><a href=\"https:\/\/fmyv.es\/\" target=\"_blank\" rel=\"noopener\">Fundaci\u00f3n M\u00e1rgenes y V\u00ednculos<\/a><\/li>\n<li><a href=\"https:\/\/fapmi.es\/\" target=\"_blank\" rel=\"noopener\">Federaci\u00f3n de Asociaciones para la Prevenci\u00f3n del Maltrato Infantil<\/a><\/li>\n<li><a href=\"https:\/\/adima.com.es\/\" target=\"_blank\" rel=\"noopener\">Asociaci\u00f3n ADIMA. Asociaci\u00f3n Andaluza para la Defensa de la Infancia y la Prevenci\u00f3n del Maltrato<\/a><\/li>\n<li><a href=\"http:\/\/www.acasi.org\/\" target=\"_blank\" rel=\"noopener\">ACASI. Asociaci\u00f3n contra los abusos sexuales en la infancia.<\/a><\/li>\n<li><a href=\"https:\/\/www.fbernadet.org\/es\/formacion-y-prevencion\/profesionales\/?gclid=EAIaIQobChMIqfi50c2C-gIV15BoCR1YmQyQEAAYASAAEgJuzvD_BwE\" target=\"_blank\" rel=\"noopener\">Fundaci\u00f3 Vicky Vernadet<\/a><\/li>\n<li><a href=\"http:\/\/aspasi.org\/\" target=\"_blank\" rel=\"noopener\">ASPASI. Asociaci\u00f3n para la sanaci\u00f3n y prevenci\u00f3n del abuso sexual infantil.<\/a><\/li>\n<li><a href=\"https:\/\/www.fundacionrana.org\/es\" target=\"_blank\" rel=\"noopener\">Fundaci\u00f3n Rana<\/a><\/li>\n<li><a href=\"https:\/\/fundacionpas.org\/\" target=\"_blank\" rel=\"noopener\">Fundaci\u00f3n Pas<\/a><\/li>\n<li><a href=\"https:\/\/www.savethechildren.es\/\" target=\"_blank\" rel=\"noopener\">Fundaci\u00f3n Save the Children<\/a><\/li>\n<li><a href=\"https:\/\/www.aminogal.es\/\" target=\"_blank\" rel=\"noopener\">Asociaci\u00f3n AMINO. Abuso y maltrato infantil NO<\/a><\/li>\n<li><a href=\"https:\/\/ecpat-spain.org\/\" target=\"_blank\" rel=\"noopener\">ECPAT Espa\u00f1a. Red mundial contra la explotaci\u00f3n sexual en la infancia.<\/a><\/li>\n<li><a href=\"https:\/\/www.unicef.es\/\" target=\"_blank\" rel=\"noopener\">UNICEF<\/a><\/li>\n<li><a href=\"https:\/\/redcontraelabusosexual.org\/\" target=\"_blank\" rel=\"noopener\">Fundaci\u00f3n RED. Contra el abuso sexual infantil.<\/a><\/li>\n<li><a href=\"https:\/\/www.anar.org\/\" target=\"_blank\" rel=\"noopener\">Fundaci\u00f3n ANAR<\/a><\/li>\n<\/ul>\n<p>[\/et_pb_accordion_item][et_pb_accordion_item title=\u00bbProtecci\u00f3n en la red\u00bb _builder_version=\u00bb4.27.0&#8243; _module_preset=\u00bbdefault\u00bb global_colors_info=\u00bb{}\u00bb open=\u00bboff\u00bb]<\/p>\n<ul>\n<li><a href=\"https:\/\/www.pantallasamigas.net\/\" target=\"_blank\" rel=\"noopener\">Pantallas amigas<\/a><\/li>\n<li><a href=\"https:\/\/youtu.be\/LFbnamm_ePk\" target=\"_blank\" rel=\"noopener\">Sexting<\/a><\/li>\n<li><a href=\"https:\/\/elisoler.com\/consentimiento-en-el-sexting\/\" target=\"_blank\" rel=\"noopener\">Sexting<\/a><\/li>\n<li><a href=\"https:\/\/youtu.be\/H_v0v70WFaA\" target=\"_blank\" rel=\"noopener\">Sextorsi\u00f3n<\/a><\/li>\n<li><a href=\"https:\/\/youtu.be\/Pa2ttVRA-xU\" target=\"_blank\" rel=\"noopener\">Grooming<\/a><\/li>\n<li><a href=\"https:\/\/youtu.be\/aDu_L6v9KTY\" target=\"_blank\" rel=\"noopener\">Not alone, ejemplo violencia sexual; sex education<\/a><\/li>\n<li><a href=\"https:\/\/youtu.be\/TIJNRI2noaA\" target=\"_blank\" rel=\"noopener\">Apoyo entre iguales; sex education<\/a><\/li>\n<li><a href=\"https:\/\/www.youtube.com\/watch?v=2TferQprZ0g\" target=\"_blank\" rel=\"noopener\">10 claves para usar internet con seguridad:<\/a><\/li>\n<li><a href=\"www.youtube.com\/watch?v=pAohWiuNPYo\" target=\"_blank\" rel=\"noopener\">V\u00eddeo concienciaci\u00f3n contra grooming:<\/a><\/li>\n<li><a href=\"http:\/\/www.youtube.com\/watch?v=qKs7qnHvY2U\" target=\"_blank\" rel=\"noopener\">V\u00eddeo concienciaci\u00f3n sexting:<\/a><\/li>\n<li><a href=\"https:\/\/faros.hsjdbcn.org\/es\/articulo\/como-evitar-menores-sufran-grooming-acoso-sexual-internet\" target=\"_blank\" rel=\"noopener\">Prevenci\u00f3n grooming:<\/a><\/li>\n<\/ul>\n<p>[\/et_pb_accordion_item][\/et_pb_accordion][\/et_pb_column][\/et_pb_row][\/et_pb_section][et_pb_section fb_built=\u00bb1&#8243; _builder_version=\u00bb4.17.4&#8243; _module_preset=\u00bbdefault\u00bb background_color=\u00bb#65a87e\u00bb background_image=\u00bbhttps:\/\/quenometoque.es\/wp-content\/uploads\/2022\/10\/Elias-PNG-Ajustado.png\u00bb custom_padding=\u00bb||55px|||\u00bb global_colors_info=\u00bb{}\u00bb][et_pb_row column_structure=\u00bb1_4,1_4,1_4,1_4&#8243; _builder_version=\u00bb4.17.4&#8243; _module_preset=\u00bbdefault\u00bb global_colors_info=\u00bb{}\u00bb][et_pb_column type=\u00bb1_4&#8243; _builder_version=\u00bb4.17.4&#8243; _module_preset=\u00bbdefault\u00bb global_colors_info=\u00bb{}\u00bb][et_pb_text _builder_version=\u00bb4.17.4&#8243; _module_preset=\u00bbdefault\u00bb global_colors_info=\u00bb{}\u00bb]<\/p>\n<p><span style=\"color: #ffffff;\"><strong>FUNDACI\u00d3N M\u00c1RGENES Y V\u00cdNCULOS<\/strong><\/span><\/p>\n<p><span style=\"color: #ffffff;\">Somos una organizaci\u00f3n sin \u00e1nimo de lucro de inter\u00e9s en la atenci\u00f3n social, que trabaja por la promoci\u00f3n de los derechos, la protecci\u00f3n, la igualdad, la cultura, la convivencia, la educaci\u00f3n y el bienestar de las personas. En especial el de las ni\u00f1as y ni\u00f1os en situaci\u00f3n de vulnerabilidad y sus respectivas familias.<\/span><\/p>\n<p>[\/et_pb_text][\/et_pb_column][et_pb_column type=\u00bb1_4&#8243; _builder_version=\u00bb4.17.4&#8243; _module_preset=\u00bbdefault\u00bb global_colors_info=\u00bb{}\u00bb][et_pb_text _builder_version=\u00bb4.17.4&#8243; _module_preset=\u00bbdefault\u00bb text_text_color=\u00bb#65a87e\u00bb text_line_height=\u00bb1.2em\u00bb global_colors_info=\u00bb{}\u00bb]<\/p>\n<p><span style=\"color: #ffffff;\"><strong>CONTACTO<\/strong><\/span><\/p>\n<p><span style=\"color: #ffffff;\">Lunes a viernes de 9:00 a 14:00:\u00a0<\/span><\/p>\n<p><span style=\"color: #ffffff;\"><a href=\"tel:+34620008600\" target=\"_top\" style=\"color: #ffffff;\" rel=\"noopener\">620 008 600<\/a><\/span><\/p>\n<p><span style=\"color: #ffffff;\">Tel\u00e9fono del menor, 24 horas:\u00a0<\/span><\/p>\n<p><span style=\"color: #ffffff;\"><a href=\"tel:+34116111\" target=\"_top\" style=\"color: #ffffff;\" rel=\"noopener\">11 61 11<\/a><\/span><\/p>\n<p><span style=\"color: #ffffff;\">Correo:\u00a0<a href=\"mailto:%20quenometoque@salud-juntaex.es\" target=\"_top\" style=\"color: #ffffff;\" rel=\"noopener\">quenometoque@salud-juntaex.es<\/a><\/span><\/p>\n<p>[\/et_pb_text][et_pb_text _builder_version=\u00bb4.27.0&#8243; _module_preset=\u00bbdefault\u00bb global_colors_info=\u00bb{}\u00bb]<span style=\"color: #ffffff;\"><strong>M\u00c1S INFORMACI\u00d3N:<\/strong><\/span><\/p>\n<p><span style=\"color: #ffffff;\"><a href=\"http:\/\/fmyv.es\/\" target=\"_blank\" rel=\"noopener\" style=\"color: #ffffff;\">fmyv.es<\/a><\/span>[\/et_pb_text][\/et_pb_column][et_pb_column type=\u00bb1_4&#8243; _builder_version=\u00bb4.17.4&#8243; _module_preset=\u00bbdefault\u00bb global_colors_info=\u00bb{}\u00bb][et_pb_text _builder_version=\u00bb4.27.0&#8243; _module_preset=\u00bbdefault\u00bb text_text_color=\u00bb#FFFFFF\u00bb global_colors_info=\u00bb{}\u00bb]<\/p>\n<p><strong><span style=\"color: #ffffff;\">NUESTRAS WEBS<\/span><\/strong><\/p>\n<ul>\n<li><a href=\"https:\/\/acogimientofamiliar.es\/\" target=\"_blank\" rel=\"noopener\"><span style=\"color: #ffffff;\">Acogimiento familiar<\/span><\/a><\/li>\n<li><a href=\"https:\/\/educulturas.es\/\" target=\"_blank\" rel=\"noopener\"><span style=\"color: #ffffff;\">Educulturas<\/span><\/a><\/li>\n<li><a href=\"https:\/\/migrantesenigualdad.es\/\" target=\"_blank\" rel=\"noopener\"><span style=\"color: #ffffff;\">Migrantes en igualdad<\/span><\/a><\/li>\n<li><a href=\"https:\/\/quenometoque.es\/\" target=\"_blank\" rel=\"noopener\"><span style=\"color: #ffffff;\">Que no me toque<\/span><\/a><\/li>\n<li><a href=\"https:\/\/duelen.es\/\" target=\"_blank\" rel=\"noopener\"><span style=\"color: #ffffff;\">Duelen<\/span><\/a><\/li>\n<li><a href=\"https:\/\/anayelarbol.com\/\" target=\"_blank\" rel=\"noopener\"><span style=\"color: #ffffff;\">Ana y el arbol<\/span><\/a><\/li>\n<li><a href=\"https:\/\/acogimiento.es\/\" target=\"_blank\" rel=\"noopener\"><span style=\"color: #ffffff;\">Acogimiento.es<\/span><\/a><\/li>\n<\/ul>\n<p>[\/et_pb_text][\/et_pb_column][et_pb_column type=\u00bb1_4&#8243; _builder_version=\u00bb4.17.4&#8243; _module_preset=\u00bbdefault\u00bb global_colors_info=\u00bb{}\u00bb][et_pb_text _builder_version=\u00bb4.17.4&#8243; _module_preset=\u00bbdefault\u00bb custom_padding=\u00bb|28px||||\u00bb global_colors_info=\u00bb{}\u00bb]<\/p>\n<p><span style=\"color: #ffffff;\"><strong>LEGAL<\/strong><\/span><\/p>\n<p><span style=\"color: #ffffff;\"><a href=\"https:\/\/fmyv.es\/2138-2\/\" target=\"_top\" style=\"color: #ffffff;\" rel=\"noopener\"><\/a><a href=\"https:\/\/fmyv.es\/aviso-legal\/\" target=\"_top\" style=\"color: #ffffff;\" rel=\"noopener\">Aviso legal<\/a><\/span><\/p>\n<p><span style=\"color: #ffffff;\"><a href=\"https:\/\/fmyv.es\/2138-2\/\" target=\"_top\" style=\"color: #ffffff;\" rel=\"noopener\">Pol\u00edtica de privacidad y cookies<\/a><\/span><\/p>\n<p>[\/et_pb_text][et_pb_text _builder_version=\u00bb4.27.4&#8243; _module_preset=\u00bbdefault\u00bb text_line_height=\u00bb1.4em\u00bb custom_margin=\u00bb3rem||||false|false\u00bb hover_enabled=\u00bb0&#8243; sticky_enabled=\u00bb0&#8243;]<\/p>\n<p style=\"text-align: left;\"><img loading=\"lazy\" decoding=\"async\" src=\"https:\/\/quenometoque.es\/wp-content\/uploads\/2024\/12\/Logo-Redondo-para-web_Mesa-de-trabajo-1_Mesa-de-trabajo-1.png\" width=\"124\" height=\"120\" alt=\"\" class=\"wp-image-888 alignnone size-full\" \/><\/p>\n<p><span style=\"color: #ffffff;\">Esta web ha sido analizada con la aplicaci\u00f3n\u00a0<em>Appcess<\/em>\u00a0de lectura f\u00e1cil<\/span>[\/et_pb_text][\/et_pb_column][\/et_pb_row][\/et_pb_section]<\/p>\n","protected":false},"excerpt":{"rendered":"<p>620 008 600\u00a0 Lunes a viernes de 09.00 a 14.00 horas &#8211; 11 61 11 Tel\u00e9fono del menor 24 horasQue\u00a0no me toque Campa\u00f1a de prevenci\u00f3n de la violencia sexual contra ni\u00f1as, ni\u00f1os y adolescentesEl Consejo de Europa, en su campa\u00f1a de prevenci\u00f3n y sensibilizaci\u00f3n sobre la violencia sexual contra menores de edad, estima que uno [&hellip;]<\/p>\n","protected":false},"author":1,"featured_media":0,"parent":0,"menu_order":0,"comment_status":"closed","ping_status":"closed","template":"","meta":{"_et_pb_use_builder":"on","_et_pb_old_content":"","_et_gb_content_width":"","footnotes":""},"class_list":["post-419","page","type-page","status-publish","hentry"],"_links":{"self":[{"href":"https:\/\/quenometoque.es\/index.php?rest_route=\/wp\/v2\/pages\/419","targetHints":{"allow":["GET"]}}],"collection":[{"href":"https:\/\/quenometoque.es\/index.php?rest_route=\/wp\/v2\/pages"}],"about":[{"href":"https:\/\/quenometoque.es\/index.php?rest_route=\/wp\/v2\/types\/page"}],"author":[{"embeddable":true,"href":"https:\/\/quenometoque.es\/index.php?rest_route=\/wp\/v2\/users\/1"}],"replies":[{"embeddable":true,"href":"https:\/\/quenometoque.es\/index.php?rest_route=%2Fwp%2Fv2%2Fcomments&post=419"}],"version-history":[{"count":109,"href":"https:\/\/quenometoque.es\/index.php?rest_route=\/wp\/v2\/pages\/419\/revisions"}],"predecessor-version":[{"id":889,"href":"https:\/\/quenometoque.es\/index.php?rest_route=\/wp\/v2\/pages\/419\/revisions\/889"}],"wp:attachment":[{"href":"https:\/\/quenometoque.es\/index.php?rest_route=%2Fwp%2Fv2%2Fmedia&parent=419"}],"curies":[{"name":"wp","href":"https:\/\/api.w.org\/{rel}","templated":true}]}}